{"id":4424,"date":"2025-12-08T12:36:44","date_gmt":"2025-12-08T11:36:44","guid":{"rendered":"https:\/\/ontdekemmen.nl\/tips\/emmen-zentrum\/"},"modified":"2026-02-23T14:32:42","modified_gmt":"2026-02-23T13:32:42","slug":"emmen-zentrum","status":"publish","type":"tips","link":"https:\/\/ontdekemmen.nl\/de\/tipps\/emmen-zentrum\/","title":{"rendered":"Emmen-Zentrum"},"content":{"rendered":"\n<section class=\"pane pane--wei\u00df\">\n    <div class=\"container\">\n        <div class=\"row g-4 g-lg-8 g-xl-15 justify-content-center\">\n                                                <div class=\"col-12 col-lg-8\">\n                        <div class=\"pane__text\">\n                            <h1><span style=\"font-weight: 300\">Emmen-Zentrum: das pulsierende Herz der Provinz Drenthe<\/span><\/h1>\n<p><span style=\"font-weight: 300\">Das Zentrum von Emmen befindet sich im Herzen der Provinz Drenthe. Hier finden Sie das Beste aus zwei Welten: Lebendigkeit und Raum zur Erholung. Es gibt eine sch\u00f6ne Mischung aus historischen Geb\u00e4uden und modernen Gesch\u00e4ften. Ob Sie in Emmen shoppen, wohnen, arbeiten oder Kultur genie\u00dfen m\u00f6chten: Im Zentrum von Emmen ist das alles m\u00f6glich. Mit den vielen Gesch\u00e4ften, stimmungsvollen Lokalen, kulturellen Einrichtungen und angenehmen Wohnungen ist das Zentrum von Emmen ein Ort, an dem man sich schnell wie zu Hause f\u00fchlt.    <\/span><\/p>\n<p><span style=\"font-weight: 300\">Sind Sie mit der Familie unterwegs? Es gibt viele Aktivit\u00e4ten f\u00fcr einen gelungenen Tagesausflug. <\/span><\/p>\n<p><span style=\"font-weight: 300\">Im Zentrum von Emmen ist mehr los, als Sie vielleicht denken. Kommen Sie vorbei, sehen Sie sich um und entdecken Sie selbst, warum dies das pulsierende Herz von Emmen ist. <\/span><\/p>\n                                                    <\/div>\n                    <\/div>\n                                    <\/div>\n    <\/div>\n<\/section>\n\n<section class=\"pane pane--wei\u00df\">\n   <div class=\"container\">\n        <div class=\"row g-4 g-lg-10 g-xl-15 g-xxl-20 align-items-center \">\n                            <div class=\"col-12 col-lg\">\n                    <figure class=\"figure figure--author  position-relative\">\n                                                <img decoding=\"async\" width=\"1920\" height=\"1280\" src=\"https:\/\/ontdekemmen.nl\/wp-content\/uploads\/2025\/07\/Winkelen-en-markten-12-scaled.jpg\" class=\"img-fluid\" alt=\"Sfeerafbeelding winkelen en markten\" loading=\"lazy\" \/>                    <\/figure>\n                <\/div>\n                                        <div class=\"col-12 col-lg-6\">\n                    <div class=\"pane__text\">\n                        <h2><img loading=\"lazy\" decoding=\"async\" src=\"https:\/\/ontdekemmen.nl\/wp-content\/themes\/ontdek-emmen\/assets\/img\/blocks-title.svg\" class=\"text-figure me-1 me-lg-2 mt-n1\" width=\"24\" height=\"18\" alt=\"\" \/> <span><span style=\"font-weight: 500\">Gesch\u00e4fte, Boutiquen und M\u00e4rkte<\/span><\/span><\/h2>\n<p><span style=\"font-weight: 300\">Im Zentrum von Emmen k\u00f6nnen Sie ruhig und entspannt shoppen. Die Stra\u00dfen sind ger\u00e4umig und die Atmosph\u00e4re ist freundlich und angenehm. Im Einkaufszentrum De Weiert finden Sie bekannte Gesch\u00e4fte wie The Sting, Costes, Only, Kruidvat, Vero Moda, Holland &amp; Barret, Bakker Bart und Primera. Am Platz Marktplein gibt es die HEMA und am Platz Noorderplein den MediaMarkt. In der Stra\u00dfe Hoofdstraat entdecken Sie kleine Boutiquen und Pop-up-Stores.    <\/span><\/p>\n<p><span style=\"font-weight: 300\">Jeden Freitag findet auf dem Platz Marktplein ein gro\u00dfer Wochenmarkt statt, und in den Sommermonaten gibt es dienstags die Schmetterlingsm\u00e4rkte. Zu Pfingsten findet jedes Jahr der gesch\u00e4ftige Pfingstmarkt statt. <\/span><\/p>\n<p><span style=\"font-weight: 300\">Nach dem Shopping k\u00f6nnen Sie sich auf einer der sch\u00f6nen Terrassen entspannen, zum Beispiel auf dem Platz Marktplein oder im Rensenpark.<\/span><\/p>\n                                                \n\n\n\n                    <\/div>\n                <\/div>\n                    <\/div>\n    <\/div>\n<\/section>\n\n<section class=\"pane pane--wei\u00df\">\n    <div class=\"container\">\n        <div class=\"row g-4 g-lg-8 g-xl-15 justify-content-center\">\n                                                <div class=\"col-12 col-lg-8\">\n                        <div class=\"pane__text\">\n                            <h2><img loading=\"lazy\" decoding=\"async\" src=\"https:\/\/ontdekemmen.nl\/wp-content\/themes\/ontdek-emmen\/assets\/img\/blocks-title.svg\" class=\"text-figure me-1 me-lg-2 mt-n1\" width=\"24\" height=\"18\" alt=\"\" \/> <span><span style=\"font-weight: 500\">Sehensw\u00fcrdigkeiten im Zentrum von Emmen<\/span><\/span><\/h2>\n<p><span style=\"font-weight: 300\">Im Zentrum finden Sie Kultur, Natur und Geschichte vereint. Ein Museumsbesuch l\u00e4sst sich problemlos mit einer Wanderung oder einem Tagesausflug kombinieren. <\/span><\/p>\n<h3><span style=\"font-weight: 400\">Wildlands Adventure Zoo Emmen<\/span><\/h3>\n<p><span style=\"font-weight: 300\">Einer der gr\u00f6\u00dften Publikumsmagneten ist der Zoo Wildlands. Hier k\u00f6nnen Sie an einem Tag eine Weltreise durch Dschungel, Savannen und Polarregionen erleben.  <\/span><\/p>\n<h3><span style=\"font-weight: 400\">Rensenpark<\/span><\/h3>\n<p><span style=\"font-weight: 300\">An der Stelle des ehemaligen Zoos befindet sich heute der Rensenpark: ein gr\u00fcner und kreativer Treffpunkt. Hier finden Sie Ateliers, Kunstanlagen, Caf\u00e9s und regelm\u00e4\u00dfig auch unterhaltsame Veranstaltungen. Ein sch\u00f6ner Ort zum Entspannen.  <\/span><\/p>\n<h3><span style=\"font-weight: 400\">Atlas Theater und Museum f\u00fcr zeitgen\u00f6ssische tibetische Kunst<\/span><\/h3>\n<p><span style=\"font-weight: 300\">F\u00fcr einen gelungenen Abend empfiehlt sich ein Besuch im Atlas Theater, das ein breites Angebot an Theater-, Musik-, Kabarett- und Familienvorstellungen hat. Ganz in der N\u00e4he befindet sich das Museum f\u00fcr zeitgen\u00f6ssische tibetische Kunst, wo Sie farbenfrohe und besondere Kunstwerke entdecken k\u00f6nnen.   <\/span><\/p>\n                                                    <\/div>\n                    <\/div>\n                                    <div class=\"col-12 col-lg-8\">\n                        <div class=\"pane__text\">\n                            <h2><img loading=\"lazy\" decoding=\"async\" src=\"https:\/\/ontdekemmen.nl\/wp-content\/themes\/ontdek-emmen\/assets\/img\/blocks-title.svg\" class=\"text-figure me-1 me-lg-2 mt-n1\" width=\"24\" height=\"18\" alt=\"\" \/> <span><span style=\"font-weight: 500\">Wohnen im Zentrum von Emmen<\/span><\/span><\/h2>\n<p><span style=\"font-weight: 300\">Wohnen im Zentrum von Emmen bedeutet Ruhe, Weite und Gr\u00fcn. Alle Einrichtungen sind fu\u00dfl\u00e4ufig erreichbar: Gesch\u00e4fte, Restaurants und Caf\u00e9s, \u00f6ffentliche Verkehrsmittel, Schulen und Parks.  <\/span><span style=\"font-weight: 300\">Im Gegensatz zu vielen gr\u00f6\u00dferen St\u00e4dten ist das Zentrum von Emmen ger\u00e4umig und \u00fcbersichtlich. Es gibt dort Wohnungen und Apartments in allen Preisklassen, von Sozialwohnungen bis hin zu ger\u00e4umigen Eigentumswohnungen.  <\/span><\/p>\n<p><span style=\"font-weight: 300\">Auch f\u00fcr Familien ist das Zentrum ideal. Es gibt Grundschulen, Spielpl\u00e4tze und Kinderkrippen in unmittelbarer N\u00e4he. Und auch die Natur ist immer in der N\u00e4he.   <\/span><\/p>\n                                                    <\/div>\n                    <\/div>\n                                    <div class=\"col-12 col-lg-8\">\n                        <div class=\"pane__text\">\n                            <h2><img loading=\"lazy\" decoding=\"async\" src=\"https:\/\/ontdekemmen.nl\/wp-content\/themes\/ontdek-emmen\/assets\/img\/blocks-title.svg\" class=\"text-figure me-1 me-lg-2 mt-n1\" width=\"24\" height=\"18\" alt=\"\" \/> <span><span style=\"font-weight: 500\">Gastronomie: Erleben Sie die Atmosph\u00e4re<\/span><\/span><\/h2>\n<p><span style=\"font-weight: 300\">Im Zentrum von Emmen k\u00f6nnen Sie eine gute Tasse Kaffee, einen ausgiebigen Lunch oder ein gem\u00fctliches Abendessen genie\u00dfen.  <\/span><\/p>\n<h3><span style=\"font-weight: 400\">Einige Tipps:<\/span><\/h3>\n<ul>\n<li style=\"font-weight: 400\"><a href=\"https:\/\/ontdekemmen.nl\/de\/essen-trinken\/cafe-de-brasserie\/\"><span style=\"font-weight: 400\">De Brasserie <\/span><\/a><span style=\"font-weight: 300\">\u2013 stimmungsvolles Lokal f\u00fcr Fr\u00fchst\u00fcck, Lunch oder Kuchen <\/span><\/li>\n<li style=\"font-weight: 400\"><a href=\"https:\/\/ontdekemmen.nl\/de\/essen-trinken\/diner-cafe-plein\/\">Grand Caf\u00e9 Plein<\/a> \u2013 sch\u00f6ne Terrasse mit Blick auf den Platz<\/li>\n<li style=\"font-weight: 300\"><a href=\"https:\/\/ontdekemmen.nl\/de\/essen-trinken\/restaurant-de-kamer\/\"><span style=\"font-weight: 400\">De Kamer<\/span><\/a><span style=\"font-weight: 300\"> <\/span>\u2013 saisonale Speisekarte und warme Atmosph\u00e4re<\/li>\n<li style=\"font-weight: 300\"><a href=\"https:\/\/ontdekemmen.nl\/de\/essen-trinken\/de-zwetser\/\">De Zwetser <\/a>\u2013 stimmungsvolles Restaurant mit Terrasse und umfangreicher Speisekarte<\/li>\n<\/ul>\n                                                    <\/div>\n                    <\/div>\n                                    <\/div>\n    <\/div>\n<\/section>\n<section class=\"pane py-0\">\n            <figure class=\"figure figure--large figure--author\">\n                        <img decoding=\"async\" width=\"1920\" height=\"1280\" src=\"https:\/\/ontdekemmen.nl\/wp-content\/uploads\/2025\/07\/Emmen-Centrum-2-scaled.jpg\" class=\"img-fluid w-100\" alt=\"Sfeerafbeelding terrasjes Marktplein Emmen\" loading=\"lazy\" \/>        <\/figure>\n    <\/section>\n\n<section class=\"pane pane--wei\u00df\">\n    <div class=\"container\">\n        <div class=\"row g-4 g-lg-8 g-xl-15 justify-content-center\">\n                                                <div class=\"col-12 col-lg-8\">\n                        <div class=\"pane__text\">\n                            <h2><img loading=\"lazy\" decoding=\"async\" src=\"https:\/\/ontdekemmen.nl\/wp-content\/themes\/ontdek-emmen\/assets\/img\/blocks-title.svg\" class=\"text-figure me-1 me-lg-2 mt-n1\" width=\"24\" height=\"18\" alt=\"\" \/> <span><span style=\"font-weight: 500\">Veranstaltungen und saisonale Aktivit\u00e4ten<\/span><\/span><\/h2>\n<p><span style=\"font-weight: 300\">Im Zentrum von Emmen gibt es das ganze Jahr \u00fcber zahlreiche Veranstaltungen. Einige bekannte Beispiele sind: <\/span><\/p>\n<p><span style=\"font-weight: 300\">C\u2019est la Vie Festival<br \/>Radrennen Goldener Pfeil<br \/>Barrel Food Truck Festival    <\/span><span style=\"font-weight: 300\"><a href=\"https:\/\/ontdekemmen.nl\/de\/agenda\/\">Sehen Sie sich die \u00dcbersicht auf dieser Seite an.<\/a><\/span><\/p>\n<p><span style=\"font-weight: 300\">Dar\u00fcber hinaus gibt es wiederkehrende M\u00e4rkte, Kinderprogramme w\u00e4hrend der Ferien und Aktivit\u00e4ten im Rensenpark.<br \/>In jeder Jahreszeit gibt es Aktivit\u00e4ten \u2013 f\u00fcr Familien, Freunde oder Paare.   <\/span><\/p>\n                                                    <\/div>\n                    <\/div>\n                                    <div class=\"col-12 col-lg-8\">\n                        <div class=\"pane__text\">\n                            <h2><img loading=\"lazy\" decoding=\"async\" src=\"https:\/\/ontdekemmen.nl\/wp-content\/themes\/ontdek-emmen\/assets\/img\/blocks-title.svg\" class=\"text-figure me-1 me-lg-2 mt-n1\" width=\"24\" height=\"18\" alt=\"\" \/> <span><span style=\"font-weight: 500\">Erreichbarkeit und Parken<\/span><\/span><\/h2>\n<p><span style=\"font-weight: 300\">Das Zentrum von Emmen ist gut erreichbar und es gibt zahlreiche Parkm\u00f6glichkeiten. <\/span><\/p>\n<h3><span style=\"font-weight: 400\">Mit dem Auto<\/span><\/h3>\n<ul>\n<li style=\"font-weight: 300\"><span style=\"font-weight: 300\">\u00dcberdachtes Parken: Tiefgaragen Willinkplein und Westerstraat <\/span><\/li>\n<li style=\"font-weight: 300\"><span style=\"font-weight: 300\">Kostenloser Parkplatz: Parkplatz Oost (Van Schaikweg\/Emmalaan) in der N\u00e4he des Zentrums  <\/span><\/li>\n<\/ul>\n<h3><span style=\"font-weight: 400\">Mit dem Fahrrad oder den \u00f6ffentlichen Verkehrsmitteln<\/span><\/h3>\n<ul>\n<li style=\"font-weight: 300\"><span style=\"font-weight: 300\">Kostenloser, bewachter Fahrradabstellplatz in der Stra\u00dfe Wilhelminastraat  <\/span><\/li>\n<li style=\"font-weight: 300\"><span style=\"font-weight: 300\">Der Bahnhof Emmen ist 5 Gehminuten vom Zentrum entfernt  <\/span><\/li>\n<\/ul>\n<p><a href=\"https:\/\/ontdekemmen.nl\/?page_id=1742\"><span style=\"font-weight: 300\">Hier finden Sie alle Informationen zum Parken in Emmen.<\/span><\/a><\/p>\n                                                    <\/div>\n                    <\/div>\n                                    <\/div>\n    <\/div>\n<\/section>\n\n<section class=\"pane pane--Terti\u00e4r\">\n    <div class=\"container\">\n        <div class=\"row g-4 g-lg-8 g-xl-15 justify-content-center\">\n                                                <div class=\"col-12 col-lg-8\">\n                        <div class=\"pane__text\">\n                            <h2><img loading=\"lazy\" decoding=\"async\" src=\"https:\/\/ontdekemmen.nl\/wp-content\/themes\/ontdek-emmen\/assets\/img\/blocks-title.svg\" class=\"text-figure me-1 me-lg-2 mt-n1\" width=\"24\" height=\"18\" alt=\"\" \/> <span><span style=\"font-weight: 500\">H\u00e4ufig gestellte Fragen<\/span><\/span><\/h2>\n<h3><span style=\"font-weight: 400\">Welche Parkm\u00f6glichkeiten gibt es im Zentrum von Emmen?<\/span><\/h3>\n<p><span style=\"font-weight: 300\">\u00dcberdachtes Parken ist in den Tiefgaragen Willinkplein und Westerstraat m\u00f6glich. Kostenloses Parken ist auf dem Parkplatz Oost m\u00f6glich.    <\/span><span style=\"font-weight: 300\"><a href=\"https:\/\/ontdekemmen.nl\/?page_id=1742\">Dann schauen Sie sich diese Seite an<\/a>.<\/span><\/p>\n<h3><span style=\"font-weight: 400\">Welche Gesch\u00e4fte gibt es im Zentrum von Emmen?<\/span><\/h3>\n<p><span style=\"font-weight: 300\">Von gro\u00dfen Ketten im Einkaufszentrum De Weiert bis hin zu Boutiquen in der Stra\u00dfe Hoofdstraat: Das Angebot ist vielf\u00e4ltig. <\/span><\/p>\n<h3><span style=\"font-weight: 400\">Was kann man in Emmen mit der Familie unternehmen?<\/span><\/h3>\n<p><span style=\"font-weight: 300\">Wildlands, der Rensenpark, das Atlas Theater und regelm\u00e4\u00dfig spezielle Kinderaktivit\u00e4ten. <\/span><\/p>\n<h3><span style=\"font-weight: 400\">Wie sind die \u00d6ffnungszeiten der Gesch\u00e4fte?<\/span><\/h3>\n<p><span style=\"font-weight: 300\">Die meisten Gesch\u00e4fte sind montags bis samstags ge\u00f6ffnet. Donnerstags ist verkaufsoffener Abend. Es gibt regelm\u00e4\u00dfig einen verkaufsoffenen Sonntag.   <a href=\"https:\/\/ontdekemmen.nl\/praktisch\/openingstijden-en-koopzondagen-winkels-emmen\/\">Sehen Sie sich hier die aktuellen \u00d6ffnungszeiten der Gesch\u00e4fte im Zentrum an. <\/a><\/span><\/p>\n                                                    <\/div>\n                    <\/div>\n                                    <\/div>\n    <\/div>\n<\/section>\n","protected":false},"featured_media":1185,"template":"","meta":{"_acf_changed":false},"class_list":["post-4424","tips","type-tips","status-publish","has-post-thumbnail","hentry"],"acf":[],"yoast_head":"<!-- This site is optimized with the Yoast SEO plugin v25.9 - https:\/\/yoast.com\/wordpress\/plugins\/seo\/ -->\n<title>Emmen-Zentrum - Ontdek Emmen<\/title>\n<meta name=\"description\" content=\"Entdecken Sie das Zentrum von Emmen: Gesch\u00e4fte, Gastronomie, Kultur und Natur in Laufn\u00e4he. Von Wildlands bis zu M\u00e4rkten und Terrassen. Das Herz von Drenthe wird Sie \u00fcberraschen.\" \/>\n<meta name=\"robots\" content=\"index, follow, max-snippet:-1, max-image-preview:large, max-video-preview:-1\" \/>\n<link rel=\"canonical\" href=\"https:\/\/ontdekemmen.nl\/de\/tipps\/emmen-zentrum\/\" \/>\n<meta property=\"og:locale\" content=\"de_DE\" \/>\n<meta property=\"og:type\" content=\"article\" \/>\n<meta property=\"og:title\" content=\"Emmen-Zentrum - Ontdek Emmen\" \/>\n<meta property=\"og:description\" content=\"Entdecken Sie das Zentrum von Emmen: Gesch\u00e4fte, Gastronomie, Kultur und Natur in Laufn\u00e4he. Von Wildlands bis zu M\u00e4rkten und Terrassen. Das Herz von Drenthe wird Sie \u00fcberraschen.\" \/>\n<meta property=\"og:url\" content=\"https:\/\/ontdekemmen.nl\/de\/tipps\/emmen-zentrum\/\" \/>\n<meta property=\"og:site_name\" content=\"Ontdek Emmen\" \/>\n<meta property=\"article:publisher\" content=\"https:\/\/www.facebook.com\/ontdekemmen2\/?locale=nl_NL\" \/>\n<meta property=\"article:modified_time\" content=\"2026-02-23T13:32:42+00:00\" \/>\n<meta property=\"og:image\" content=\"https:\/\/ontdekemmen.nl\/wp-content\/uploads\/2025\/07\/Emmen-Centrum-24-scaled.jpg\" \/>\n\t<meta property=\"og:image:width\" content=\"1920\" \/>\n\t<meta property=\"og:image:height\" content=\"1280\" \/>\n\t<meta property=\"og:image:type\" content=\"image\/jpeg\" \/>\n<meta name=\"twitter:card\" content=\"summary_large_image\" \/>\n<!-- \/ Yoast SEO plugin. -->","yoast_head_json":{"title":"Emmen-Zentrum - Ontdek Emmen","description":"Entdecken Sie das Zentrum von Emmen: Gesch\u00e4fte, Gastronomie, Kultur und Natur in Laufn\u00e4he. Von Wildlands bis zu M\u00e4rkten und Terrassen. Das Herz von Drenthe wird Sie \u00fcberraschen.","robots":{"index":"index","follow":"follow","max-snippet":"max-snippet:-1","max-image-preview":"max-image-preview:large","max-video-preview":"max-video-preview:-1"},"canonical":"https:\/\/ontdekemmen.nl\/de\/tipps\/emmen-zentrum\/","og_locale":"de_DE","og_type":"article","og_title":"Emmen-Zentrum - Ontdek Emmen","og_description":"Entdecken Sie das Zentrum von Emmen: Gesch\u00e4fte, Gastronomie, Kultur und Natur in Laufn\u00e4he. Von Wildlands bis zu M\u00e4rkten und Terrassen. Das Herz von Drenthe wird Sie \u00fcberraschen.","og_url":"https:\/\/ontdekemmen.nl\/de\/tipps\/emmen-zentrum\/","og_site_name":"Ontdek Emmen","article_publisher":"https:\/\/www.facebook.com\/ontdekemmen2\/?locale=nl_NL","article_modified_time":"2026-02-23T13:32:42+00:00","og_image":[{"url":"https:\/\/ontdekemmen.nl\/wp-content\/uploads\/2025\/07\/Emmen-Centrum-24-scaled.jpg","width":1920,"height":1280,"type":"image\/jpeg"}],"twitter_card":"summary_large_image","schema":{"@context":"https:\/\/schema.org","@graph":[{"@type":"WebPage","@id":"https:\/\/ontdekemmen.nl\/de\/tipps\/emmen-zentrum\/","url":"https:\/\/ontdekemmen.nl\/de\/tipps\/emmen-zentrum\/","name":"Emmen-Zentrum - Ontdek Emmen","isPartOf":{"@id":"https:\/\/ontdekemmen.nl\/#website"},"primaryImageOfPage":{"@id":"https:\/\/ontdekemmen.nl\/de\/tipps\/emmen-zentrum\/#primaryimage"},"image":{"@id":"https:\/\/ontdekemmen.nl\/de\/tipps\/emmen-zentrum\/#primaryimage"},"thumbnailUrl":"https:\/\/ontdekemmen.nl\/wp-content\/uploads\/2025\/07\/Emmen-Centrum-24-scaled.jpg","datePublished":"2025-12-08T11:36:44+00:00","dateModified":"2026-02-23T13:32:42+00:00","description":"Entdecken Sie das Zentrum von Emmen: Gesch\u00e4fte, Gastronomie, Kultur und Natur in Laufn\u00e4he. Von Wildlands bis zu M\u00e4rkten und Terrassen. Das Herz von Drenthe wird Sie \u00fcberraschen.","breadcrumb":{"@id":"https:\/\/ontdekemmen.nl\/de\/tipps\/emmen-zentrum\/#breadcrumb"},"inLanguage":"de","potentialAction":[{"@type":"ReadAction","target":["https:\/\/ontdekemmen.nl\/de\/tipps\/emmen-zentrum\/"]}]},{"@type":"ImageObject","inLanguage":"de","@id":"https:\/\/ontdekemmen.nl\/de\/tipps\/emmen-zentrum\/#primaryimage","url":"https:\/\/ontdekemmen.nl\/wp-content\/uploads\/2025\/07\/Emmen-Centrum-24-scaled.jpg","contentUrl":"https:\/\/ontdekemmen.nl\/wp-content\/uploads\/2025\/07\/Emmen-Centrum-24-scaled.jpg","width":8120,"height":5413,"caption":"Gemeente Emmen. COPYRIGHT MARCEL JURIAN DE JONG"},{"@type":"BreadcrumbList","@id":"https:\/\/ontdekemmen.nl\/de\/tipps\/emmen-zentrum\/#breadcrumb","itemListElement":[{"@type":"ListItem","position":1,"name":"Home","item":"https:\/\/ontdekemmen.nl\/de\/"},{"@type":"ListItem","position":2,"name":"Tips","item":"https:\/\/ontdekemmen.nl\/tips\/"},{"@type":"ListItem","position":3,"name":"Emmen-Zentrum"}]},{"@type":"WebSite","@id":"https:\/\/ontdekemmen.nl\/#website","url":"https:\/\/ontdekemmen.nl\/","name":"Ontdek Emmen","description":"","potentialAction":[{"@type":"SearchAction","target":{"@type":"EntryPoint","urlTemplate":"https:\/\/ontdekemmen.nl\/?s={search_term_string}"},"query-input":{"@type":"PropertyValueSpecification","valueRequired":true,"valueName":"search_term_string"}}],"inLanguage":"de"}]}},"_links":{"self":[{"href":"https:\/\/ontdekemmen.nl\/de\/wp-json\/wp\/v2\/tips\/4424","targetHints":{"allow":["GET"]}}],"collection":[{"href":"https:\/\/ontdekemmen.nl\/de\/wp-json\/wp\/v2\/tips"}],"about":[{"href":"https:\/\/ontdekemmen.nl\/de\/wp-json\/wp\/v2\/types\/tips"}],"wp:featuredmedia":[{"embeddable":true,"href":"https:\/\/ontdekemmen.nl\/de\/wp-json\/wp\/v2\/media\/1185"}],"wp:attachment":[{"href":"https:\/\/ontdekemmen.nl\/de\/wp-json\/wp\/v2\/media?parent=4424"}],"curies":[{"name":"wp","href":"https:\/\/api.w.org\/{rel}","templated":true}]}}