{"id":4420,"date":"2025-12-08T11:34:36","date_gmt":"2025-12-08T10:34:36","guid":{"rendered":"https:\/\/ontdekemmen.nl\/evenementen\/festivals-in-emmen\/"},"modified":"2026-04-13T09:53:10","modified_gmt":"2026-04-13T07:53:10","slug":"festivals-in-emmen","status":"publish","type":"evenementen","link":"https:\/\/ontdekemmen.nl\/de\/veranstaltungen\/festivals-in-emmen\/","title":{"rendered":"Festivals in Emmen"},"content":{"rendered":"\n<section class=\"pane pane--wei\u00df\">\n    <div class=\"container\">\n        <div class=\"row g-4 g-lg-8 g-xl-15 justify-content-center\">\n                                                <div class=\"col-12 col-lg-8\">\n                        <div class=\"pane__text\">\n                            <h1><span style=\"font-weight: 400\">Festivals in Emmen: die sch\u00f6nsten Festivals in Emmen im \u00dcberblick<\/span><\/h1>\n<p><span style=\"font-weight: 300\">In Emmen werden das ganze Jahr \u00fcber zahlreiche Festivals veranstaltet. M\u00f6gen Sie Livemusik, Stra\u00dfentheater, Sport oder gutes Essen? Dann ist bestimmt etwas dabei f\u00fcr Sie. Von gem\u00fctlichen Dorffesten bis hin zu Gro\u00dfveranstaltungen im Herzen der Stadt. Wir pr\u00e4sentieren Ihnen die sch\u00f6nsten Festivals in Emmen, die von April bis September veranstaltet werden, damit Sie genau wissen, wo Sie in dieser Festivalsaison hingehen sollen.    <\/span><\/p>\n                                                    <\/div>\n                    <\/div>\n                                    <div class=\"col-12 col-lg-8\">\n                        <div class=\"pane__text\">\n                            <h2><img loading=\"lazy\" decoding=\"async\" src=\"https:\/\/ontdekemmen.nl\/wp-content\/themes\/ontdek-emmen\/assets\/img\/blocks-title.svg\" class=\"text-figure me-1 me-lg-2 mt-n1\" width=\"24\" height=\"18\" alt=\"\" \/> <span><span style=\"font-weight: 400\">Bewegung, Erlebnis, Befreiung: Festivals in den Monaten April und Mai<\/span><\/span><\/h2>\n<p><span style=\"font-weight: 300\">Erleben Sie im Fr\u00fchling die sch\u00f6nsten Festivals in Emmen. Von Sportveranstaltungen bis hin zu Nationalfeiertagen \u2013 diese H\u00f6hepunkte sollten Sie nicht verpassen. Werden wir Sie dort sehen?  <\/span><\/p>\n<h3><span style=\"font-weight: 400\">Der 4-Meilen-Lauf von Emmen<\/span><\/h3>\n<p><span style=\"font-weight: 300\">Anfang April verwandelt sich Emmen in einen sportlichen Festort. Beim 4-Meilen-Lauf von Emmen laufen Hunderte von Teilnehmern durch die Stadt und das umliegende Gr\u00fcn. Aber es h\u00f6rt nicht beim Laufen auf. Nach dem Zieleinlauf beginnt das Festival auf dem Platz Raadhuisplein. Ein festlicher Abschluss mit Livemusik, Foodtrucks und DJs f\u00fcr die Sportler und Zuschauer.    <\/span><\/p>\n<p>Datum: jeden 1. Sonntag im April (au\u00dfer an Ostern, dann der 2. Sonntag)<\/p>\n<p><a href=\"https:\/\/4mijlvanemmen.nl\/4-mijl-festival\/\" target=\"_blank\" rel=\"noopener\"><span style=\"font-weight: 300\">F\u00fcr weitere Informationen<\/span><\/a><\/p>\n<h3><span style=\"font-weight: 400\">K\u00f6nigsnacht und K\u00f6nigstag in Emmen<\/span><\/h3>\n<p><span style=\"font-weight: 300\">In Emmen werden K\u00f6nigsnacht und K\u00f6nigstag jedes Jahr ausgelassen gefeiert. Am 26. und 27. April erstrahlt die Stadt in Orange und gibt es viel zu erleben. Von einer Kneipentour bis hin zur Kinderdisco! Es gibt Auftritte von Bands und DJs sowie Flohm\u00e4rkte. Selbstverst\u00e4ndlich \u00f6ffnen die stimmungsvollen Caf\u00e9s ihre T\u00fcren und stellen ihre Terrassen auf. Zwei Tage lang herrschen im Stadtzentrum reges Treiben und fr\u00f6hliche Betriebsamkeit.      <\/span><\/p>\n<p><span style=\"font-weight: 300\">Datum: 26. &amp; 27. April<\/span><\/p>\n<p><a href=\"https:\/\/koningsdagemmen.nl\/\" target=\"_blank\" rel=\"noopener\"><span style=\"font-weight: 300\">F\u00fcr weitere Informationen<\/span><\/a><\/p>\n<h3><span style=\"font-weight: 400\">Befreiungstag in Emmen<\/span><\/h3>\n<p><span style=\"font-weight: 300\">Freiheit und Geselligkeit kommen am 5. Mai in Emmen zusammen. Das Befreiungsfestival auf dem Platz Raadhuisplein ist die Veranstaltung f\u00fcr Livemusik, sch\u00f6ne Geschichten und unterhaltsame Aktivit\u00e4ten. Hier k\u00f6nnen Sie feiern und zuh\u00f6ren. Swingen und \u00fcber die Bedeutung des Befreiungstages nachdenken. Feiern Sie dieses Festival mit Ihren Freunden, Ihrer Familie und Ihren Mitb\u00fcrgern!     <\/span><\/p>\n<p>Datum: 5. Mai<\/p>\n<p><a href=\"https:\/\/bevrijdingsdagemmen.nl\/\" target=\"_blank\" rel=\"noopener\"><span style=\"font-weight: 300\">F\u00fcr weitere Informationen<\/span><\/a><\/p>\n                                                    <\/div>\n                    <\/div>\n                                    <\/div>\n    <\/div>\n<\/section>\n<section class=\"pane py-0\">\n            <figure class=\"figure figure--large figure--author\">\n                        <img decoding=\"async\" width=\"1920\" height=\"1280\" src=\"https:\/\/ontdekemmen.nl\/wp-content\/uploads\/2025\/08\/4-Mijl-festival-Limbo-1920x1280.jpg\" class=\"img-fluid w-100\" alt=\"Sfeerafbeelding 4 mijl festival\" loading=\"lazy\" srcset=\"https:\/\/ontdekemmen.nl\/wp-content\/uploads\/2025\/08\/4-Mijl-festival-Limbo-1920x1280.jpg 1920w, https:\/\/ontdekemmen.nl\/wp-content\/uploads\/2025\/08\/4-Mijl-festival-Limbo-1024x683.jpg 1024w, https:\/\/ontdekemmen.nl\/wp-content\/uploads\/2025\/08\/4-Mijl-festival-Limbo-640x427.jpg 640w, https:\/\/ontdekemmen.nl\/wp-content\/uploads\/2025\/08\/4-Mijl-festival-Limbo-768x512.jpg 768w, https:\/\/ontdekemmen.nl\/wp-content\/uploads\/2025\/08\/4-Mijl-festival-Limbo-1536x1024.jpg 1536w, https:\/\/ontdekemmen.nl\/wp-content\/uploads\/2025\/08\/4-Mijl-festival-Limbo-70x47.jpg 70w, https:\/\/ontdekemmen.nl\/wp-content\/uploads\/2025\/08\/4-Mijl-festival-Limbo-1590x1060.jpg 1590w, https:\/\/ontdekemmen.nl\/wp-content\/uploads\/2025\/08\/4-Mijl-festival-Limbo.jpg 2048w\" sizes=\"auto, (max-width: 1920px) 100vw, 1920px\" \/>        <\/figure>\n    <\/section>\n\n<section class=\"pane pane--wei\u00df\">\n    <div class=\"container\">\n        <div class=\"row g-4 g-lg-8 g-xl-15 justify-content-center\">\n                                                <div class=\"col-12 col-lg-8\">\n                        <div class=\"pane__text\">\n                            <h2><img loading=\"lazy\" decoding=\"async\" src=\"https:\/\/ontdekemmen.nl\/wp-content\/themes\/ontdek-emmen\/assets\/img\/blocks-title.svg\" class=\"text-figure me-1 me-lg-2 mt-n1\" width=\"24\" height=\"18\" alt=\"\" \/> <span><span style=\"font-weight: 400\">Sommerfestivals in Emmen: Musik und mehr<\/span><\/span><\/h2>\n<p><span style=\"font-weight: 300\">Sonnige Tage voller Geselligkeit? Mit diesen Veranstaltungen in Emmen wird Ihr Sommer ein wahres Fest! Von Festivals am Wasser bis hin zu Stra\u00dfentheater mitten in der Stadt.  <\/span><\/p>\n<h3><span style=\"font-weight: 400\">Barrel Food Truck Festival<\/span><\/h3>\n<p><span style=\"font-weight: 300\">Am Pfingstwochenende wird der Platz Raadhuisplein mit Foodtrucks aus dem In- und Ausland gef\u00fcllt. Das Barrel Food Truck Festival bietet vier Tage lang k\u00f6stliches Essen und Livemusik. Setzen Sie sich an einen Picknicktisch, probieren Sie Gerichte aus aller Welt und genie\u00dfen Sie in vollen Z\u00fcgen.  <\/span><\/p>\n<p>Datum: 22. &#8211; 25. Mai<\/p>\n<p><a href=\"https:\/\/barrelfoodtruckfest.nl\/\" target=\"_blank\" rel=\"noopener\"><span style=\"font-weight: 300\">F\u00fcr weitere Informationen<\/span><\/a><\/p>\n<h3><span style=\"font-weight: 400\">Hello Festival<\/span><\/h3>\n<p><span style=\"font-weight: 300\">Eines der bekanntesten Festivals in Emmen ist das Hello Festival. Am Gro\u00dfen Schilfteich treten bedeutende nationale und internationale Popmusiker auf. Aufgrund der Musik, der Vielfalt, der Sonderstelle und der gastfreundlichen Atmosph\u00e4re ist dieses Festival einzigartig und ein Sommerhighlight in Drenthe.  <\/span><\/p>\n<p>Datum: 13. Juni 2026<\/p>\n<p><a href=\"http:\/\/www.hellofestival.nl\" target=\"_blank\" rel=\"noopener\"><span style=\"font-weight: 300\">F\u00fcr weitere Informationen<\/span><\/a><\/p>\n<h3><span style=\"font-weight: 400\">Mittsommerfestival Nieuw-Amsterdam\/Veenoord<\/span><\/h3>\n<p><span style=\"font-weight: 300\">Das Mittsommerfestival ist ein authentisches Drenthe-Dorffest. Im Juni finden Sie in Nieuw-Amsterdam\/Veenoord jede Menge Spa\u00df. Tags\u00fcber gibt es einen Markt und Aktivit\u00e4ten f\u00fcr Jung und Alt. Abends k\u00f6nnen Sie am Wasser tanzen, w\u00e4hrend Livemusik von der B\u00fchne erklingt.    <\/span><\/p>\n<p>Datum: 19. Juni 2026 (jedes Jahr am 3. Freitag im Juni)<\/p>\n<p><a href=\"https:\/\/midzomer-festival.nl\/\" target=\"_blank\" rel=\"noopener\"><span style=\"font-weight: 300\">F\u00fcr weitere Informationen<\/span><\/a><\/p>\n<h3><span style=\"font-weight: 400\"> Alles Kids in Drenthe<\/span><\/h3>\n<p><span style=\"font-weight: 300\">W\u00e4hrend Alles Kids verwandelt sich das Zentrum von Emmen in ein riesiges Spielparadies. Perfekt f\u00fcr Familien mit Kindern! Mit Sprungkissen, kreativen Workshops, Stra\u00dfentheater und Spielen gibt es jede Menge zu erleben. Dieses fr\u00f6hliche Wochenende ist eines der sch\u00f6nsten Familienfestivals in Drenthe.    <\/span><\/p>\n<p>Datum: 20. &amp; 21. Juni 2026<\/p>\n<p><a href=\"https:\/\/www.alleskidsindrenthe.nl\/\" target=\"_blank\" rel=\"noopener\"><span style=\"font-weight: 300\">F\u00fcr weitere Informationen<\/span><\/a><\/p>\n                                                    <\/div>\n                    <\/div>\n                                    <\/div>\n    <\/div>\n<\/section>\n<section class=\"pane py-0 overflow-hidden\">\n    <div class=\"container px-0 px-lg-2\">\n            <\/div>\n<\/section>\n<section class=\"pane py-0 overflow-hidden\">\n    <div class=\"container px-0 px-lg-2\">\n                    <div class=\"swiper swiper--images\">\n                <div class=\"swiper-wrapper\">\n                                            <div class=\"swiper-slide\">\n                                                        <img decoding=\"async\" width=\"1024\" height=\"682\" src=\"https:\/\/ontdekemmen.nl\/wp-content\/uploads\/2025\/08\/Hello-Festival.jpg\" class=\"image\" alt=\"Sfeerafbeelding Hello Festival\" loading=\"lazy\" srcset=\"https:\/\/ontdekemmen.nl\/wp-content\/uploads\/2025\/08\/Hello-Festival.jpg 1024w, https:\/\/ontdekemmen.nl\/wp-content\/uploads\/2025\/08\/Hello-Festival-640x426.jpg 640w, https:\/\/ontdekemmen.nl\/wp-content\/uploads\/2025\/08\/Hello-Festival-768x512.jpg 768w, https:\/\/ontdekemmen.nl\/wp-content\/uploads\/2025\/08\/Hello-Festival-70x47.jpg 70w\" sizes=\"auto, (max-width: 1024px) 100vw, 1024px\" \/>                        <\/div>\n                                            <div class=\"swiper-slide\">\n                                                        <img decoding=\"async\" width=\"1432\" height=\"1066\" src=\"https:\/\/ontdekemmen.nl\/wp-content\/uploads\/2025\/08\/CLV2025_ZA_ZonderLogo-40-1432x1066.jpg\" class=\"image\" alt=\"\" loading=\"lazy\" \/>                        <\/div>\n                                            <div class=\"swiper-slide\">\n                                                        <img decoding=\"async\" width=\"1432\" height=\"1066\" src=\"https:\/\/ontdekemmen.nl\/wp-content\/uploads\/2025\/08\/cest-la-vie-1-van-1-2-1432x1066.jpg\" class=\"image\" alt=\"Sfeerafbeelding C&#039;est la Vie Emmen\" loading=\"lazy\" \/>                        <\/div>\n                                            <div class=\"swiper-slide\">\n                                                        <img decoding=\"async\" width=\"1365\" height=\"910\" src=\"https:\/\/ontdekemmen.nl\/wp-content\/uploads\/2025\/08\/Bevrijdingsdag-Emmen-2.jpeg\" class=\"image\" alt=\"\" loading=\"lazy\" srcset=\"https:\/\/ontdekemmen.nl\/wp-content\/uploads\/2025\/08\/Bevrijdingsdag-Emmen-2.jpeg 1365w, https:\/\/ontdekemmen.nl\/wp-content\/uploads\/2025\/08\/Bevrijdingsdag-Emmen-2-1024x683.jpeg 1024w, https:\/\/ontdekemmen.nl\/wp-content\/uploads\/2025\/08\/Bevrijdingsdag-Emmen-2-640x427.jpeg 640w, https:\/\/ontdekemmen.nl\/wp-content\/uploads\/2025\/08\/Bevrijdingsdag-Emmen-2-768x512.jpeg 768w, https:\/\/ontdekemmen.nl\/wp-content\/uploads\/2025\/08\/Bevrijdingsdag-Emmen-2-70x47.jpeg 70w\" sizes=\"auto, (max-width: 1365px) 100vw, 1365px\" \/>                        <\/div>\n                                            <div class=\"swiper-slide\">\n                                                        <img decoding=\"async\" width=\"1432\" height=\"1066\" src=\"https:\/\/ontdekemmen.nl\/wp-content\/uploads\/2025\/08\/CLV2025_ZA_ZonderLogo-45-1432x1066.jpg\" class=\"image\" alt=\"\" loading=\"lazy\" \/>                        <\/div>\n                                    <\/div>\n                <div class=\"swiper-button-prev\">\n                    <svg class=\"icon icon--20 icon--arrow\">\n                        <use xlink:href=\"https:\/\/ontdekemmen.nl\/wp-content\/themes\/ontdek-emmen\/build\/img\/symbols.63376f1c939fe8229a47.svg#arrow-right\"><\/use>\n                    <\/svg>\n                <\/div>\n                <div class=\"swiper-button-next\">\n                    <svg class=\"icon icon--20 icon--arrow\">\n                        <use xlink:href=\"https:\/\/ontdekemmen.nl\/wp-content\/themes\/ontdek-emmen\/build\/img\/symbols.63376f1c939fe8229a47.svg#arrow-right\"><\/use>\n                    <\/svg>\n                <\/div>\n            <\/div>\n            <\/div>\n<\/section>\n\n<section class=\"pane pane--wei\u00df\">\n    <div class=\"container\">\n        <div class=\"row g-4 g-lg-8 g-xl-15 justify-content-center\">\n                                                <div class=\"col-12 col-lg-8\">\n                        <div class=\"pane__text\">\n                            <h2><img loading=\"lazy\" decoding=\"async\" src=\"https:\/\/ontdekemmen.nl\/wp-content\/themes\/ontdek-emmen\/assets\/img\/blocks-title.svg\" class=\"text-figure me-1 me-lg-2 mt-n1\" width=\"24\" height=\"18\" alt=\"\" \/> <span><span style=\"font-weight: 400\">Nachsommer voller Kultur und Spektakel<\/span><\/span><\/h2>\n<p><span style=\"font-weight: 300\">Auch in den Monaten Juli, August und September wird in Emmen gefeiert. Kultur, Stra\u00dfentheater und Sportveranstaltungen sorgen f\u00fcr einen fr\u00f6hlichen Abschluss des Sommers. Das Festivalprogramm ist voller sch\u00f6ner Momente f\u00fcr Jung und Alt.   <\/span><\/p>\n<h3><span style=\"font-weight: 400\">C\u2019est la Vie Festival<\/span><\/h3>\n<p><span style=\"font-weight: 300\">W\u00e4hrend des C\u2019est la Vie Festivals ist das Stadtzentrum voller Stra\u00dfentheater, Livemusik und Marktst\u00e4nden. Auch gibt es einen Jahrmarkt! Tags\u00fcber gehen Sie von einer Vorstellung zur n\u00e4chsten, und abends wird auf dem Platz weitergefeiert. Der Eintritt ist frei.    <\/span><\/p>\n<p>Datum: 17. &amp; 18. Juli 2026<\/p>\n<p><a href=\"https:\/\/www.cestlavie-emmen.nl\/\" target=\"_blank\" rel=\"noopener\"><span style=\"font-weight: 300\">F\u00fcr weitere Informationen<\/span><\/a><\/p>\n<h3><span style=\"font-weight: 400\">Gouden Pijl<\/span><\/h3>\n<p><span style=\"font-weight: 300\">Radrennen und Festivalatmosph\u00e4re vereint: Das ist der Gouden Pijl! Bekannte Radrennfahrer rasen durch Emmen, w\u00e4hrend die Besucher Livemusik und Foodtrucks genie\u00dfen. Ob Sie wegen des Sports oder der Atmosph\u00e4re kommen, diese Veranstaltung wird Sie nicht entt\u00e4uschen.    <\/span><\/p>\n<p>Datum: jedes Jahr im August<\/p>\n<p><a href=\"https:\/\/www.goudenpijl.nl\/\" target=\"_blank\" rel=\"noopener\"><span style=\"font-weight: 300\">F\u00fcr weitere Informationen<\/span><\/a><\/p>\n<h3><span style=\"font-weight: 400\">Festival zum Auftakt der Theatersaison in Emmen<\/span><\/h3>\n<p><span style=\"font-weight: 300\">Musik, Kunst, Tanz, Theater und kreative Workshops\u2026 Das Festival zum Auftakt der Theatersaison verwandelt die ganze Stadt in eine gro\u00dfe Kulturb\u00fchne. F\u00fcr Kinder und Jugendliche gibt es spezielle Pl\u00e4tze voller Aktivit\u00e4ten. Ein inspirierendes, kostenloses Festival f\u00fcr alle.   <\/span><\/p>\n<p>Datum: jedes Jahr im September <\/p>\n<p><a href=\"https:\/\/uitfestivalemmen.nl\/\" target=\"_blank\" rel=\"noopener\"><span style=\"font-weight: 300\">F\u00fcr weitere Informationen<\/span><\/a><\/p>\n                                                    <\/div>\n                    <\/div>\n                                    <\/div>\n    <\/div>\n<\/section>\n\n<section class=\"pane pane--Terti\u00e4r\">\n    <div class=\"container\">\n        <div class=\"row g-4 g-lg-8 g-xl-15 justify-content-center\">\n                                                <div class=\"col-12 col-lg-8\">\n                        <div class=\"pane__text\">\n                            <h2><img loading=\"lazy\" decoding=\"async\" src=\"https:\/\/ontdekemmen.nl\/wp-content\/themes\/ontdek-emmen\/assets\/img\/blocks-title.svg\" class=\"text-figure me-1 me-lg-2 mt-n1\" width=\"24\" height=\"18\" alt=\"\" \/> <span><span style=\"font-weight: 400\">H\u00e4ufig gestellte Fragen zu Festivals in Emmen<\/span><\/span><\/h2>\n<h4><span style=\"font-weight: 400\">Wann finden die meisten Festivals in Emmen statt?<\/span><\/h4>\n<p><span style=\"font-weight: 300\">Die meisten Festivals finden zwischen Anfang April und Ende September statt. Die Saison beginnt mit dem 4-Meilen-Lauf und dem K\u00f6nigstag und endet mit dem Festival zum Auftakt der Theatersaison. Dazwischen finden zahlreiche Sommerveranstaltungen wie das Barrel Food Truck Festival, das Hello Festival, C\u2019est la Vie und das Radrennen Goldener Pfeil statt.      <\/span><\/p>\n<p><span style=\"font-weight: 300\">M\u00f6chten Sie sichergehen, dass Sie nichts verpassen? Dann schauen Sie sich die  <\/span><a href=\"https:\/\/ontdekemmen.nl\/de\/agenda\/\">Veranstaltungskalender.<\/a><\/p>\n<h4><span style=\"font-weight: 400\">Eignen die Festivals in Emmen sich f\u00fcr Kinder?<\/span><\/h4>\n<p><span style=\"font-weight: 300\">Ganz gewiss! Viele Festivals bieten spezielle Kinderaktivit\u00e4ten an. Alles Kids in Drenthe ist ganz auf junge Besucher ausgerichtet. Auch bei anderen Festivals gibt es f\u00fcr die Kinder viel zu erleben.   <\/span><\/p>\n<p><span style=\"font-weight: 300\">Auch bei anderen Festivals, darunter das Midzomerfestival und C\u2019est la Vie, gibt es oft Kinderaktivit\u00e4ten, M\u00e4rkte oder Auftritte, die f\u00fcr die ganze Familie geeignet sind.<\/span><\/p>\n<h3><span style=\"font-weight: 400\">Muss man f\u00fcr die Festivals in Emmen Tickets kaufen?<\/span><\/h3>\n<p><span style=\"font-weight: 300\">Dies ist von Festival zu Festival unterschiedlich. Viele Festivals sind kostenlos, wie C\u2019est la Vie, das Befreiungsfestival und das Festival zum Auftakt der Theatersaison. F\u00fcr gr\u00f6\u00dfere Veranstaltungen wie das Hello Festival ben\u00f6tigen Sie Tickets, diese k\u00f6nnen Sie \u00fcber die Website des Festivals bestellen  <\/span><\/p>\n<p>F\u00fcr gr\u00f6\u00dfere Veranstaltungen wie das <a href=\"http:\/\/www.hellofestival.nl\" target=\"_blank\" rel=\"noopener\">Hello Festival<\/a> <span style=\"font-weight: 300\">Sie ben\u00f6tigen jedoch oft ein Ticket. Dieses k\u00f6nnen Sie ganz einfach online \u00fcber die Websites der Festivals bestellen. <\/span><\/p>\n<p><span style=\"font-weight: 300\">Schauen Sie immer vorher auf der Website des Festivals nach, was Sie erwartet und ob Sie Tickets ben\u00f6tigen.<\/span><\/p>\n                                                    <\/div>\n                    <\/div>\n                                    <\/div>\n    <\/div>\n<\/section>\n","protected":false},"featured_media":2059,"template":"","meta":{"_acf_changed":false},"class_list":["post-4420","evenementen","type-evenementen","status-publish","has-post-thumbnail","hentry"],"acf":[],"yoast_head":"<!-- This site is optimized with the Yoast SEO plugin v25.9 - https:\/\/yoast.com\/wordpress\/plugins\/seo\/ -->\n<title>Festivals in Emmen - Ontdek Emmen<\/title>\n<meta name=\"description\" content=\"Entdecken Sie die sch\u00f6nsten Festivals in Emmen: von Musik und Foodtrucks bis hin zu Stra\u00dfentheater und Spa\u00df f\u00fcr Kinder. F\u00fcr jeden Geschmack ist etwas dabei, das ganze Jahr \u00fcber!\" \/>\n<meta name=\"robots\" content=\"index, follow, max-snippet:-1, max-image-preview:large, max-video-preview:-1\" \/>\n<link rel=\"canonical\" href=\"https:\/\/ontdekemmen.nl\/de\/veranstaltungen\/festivals-in-emmen\/\" \/>\n<meta property=\"og:locale\" content=\"de_DE\" \/>\n<meta property=\"og:type\" content=\"article\" \/>\n<meta property=\"og:title\" content=\"Festivals in Emmen - Ontdek Emmen\" \/>\n<meta property=\"og:description\" content=\"Entdecken Sie die sch\u00f6nsten Festivals in Emmen: von Musik und Foodtrucks bis hin zu Stra\u00dfentheater und Spa\u00df f\u00fcr Kinder. F\u00fcr jeden Geschmack ist etwas dabei, das ganze Jahr \u00fcber!\" \/>\n<meta property=\"og:url\" content=\"https:\/\/ontdekemmen.nl\/de\/veranstaltungen\/festivals-in-emmen\/\" \/>\n<meta property=\"og:site_name\" content=\"Ontdek Emmen\" \/>\n<meta property=\"article:publisher\" content=\"https:\/\/www.facebook.com\/ontdekemmen2\/?locale=nl_NL\" \/>\n<meta property=\"article:modified_time\" content=\"2026-04-13T07:53:10+00:00\" \/>\n<meta property=\"og:image\" content=\"https:\/\/ontdekemmen.nl\/wp-content\/uploads\/2025\/08\/Festivals-Emmen-1920x1280.jpg\" \/>\n\t<meta property=\"og:image:width\" content=\"1920\" \/>\n\t<meta property=\"og:image:height\" content=\"1280\" \/>\n\t<meta property=\"og:image:type\" content=\"image\/jpeg\" \/>\n<meta name=\"twitter:card\" content=\"summary_large_image\" \/>\n<!-- \/ Yoast SEO plugin. -->","yoast_head_json":{"title":"Festivals in Emmen - Ontdek Emmen","description":"Entdecken Sie die sch\u00f6nsten Festivals in Emmen: von Musik und Foodtrucks bis hin zu Stra\u00dfentheater und Spa\u00df f\u00fcr Kinder. F\u00fcr jeden Geschmack ist etwas dabei, das ganze Jahr \u00fcber!","robots":{"index":"index","follow":"follow","max-snippet":"max-snippet:-1","max-image-preview":"max-image-preview:large","max-video-preview":"max-video-preview:-1"},"canonical":"https:\/\/ontdekemmen.nl\/de\/veranstaltungen\/festivals-in-emmen\/","og_locale":"de_DE","og_type":"article","og_title":"Festivals in Emmen - Ontdek Emmen","og_description":"Entdecken Sie die sch\u00f6nsten Festivals in Emmen: von Musik und Foodtrucks bis hin zu Stra\u00dfentheater und Spa\u00df f\u00fcr Kinder. F\u00fcr jeden Geschmack ist etwas dabei, das ganze Jahr \u00fcber!","og_url":"https:\/\/ontdekemmen.nl\/de\/veranstaltungen\/festivals-in-emmen\/","og_site_name":"Ontdek Emmen","article_publisher":"https:\/\/www.facebook.com\/ontdekemmen2\/?locale=nl_NL","article_modified_time":"2026-04-13T07:53:10+00:00","og_image":[{"width":1920,"height":1280,"url":"https:\/\/ontdekemmen.nl\/wp-content\/uploads\/2025\/08\/Festivals-Emmen-1920x1280.jpg","type":"image\/jpeg"}],"twitter_card":"summary_large_image","schema":{"@context":"https:\/\/schema.org","@graph":[{"@type":"WebPage","@id":"https:\/\/ontdekemmen.nl\/de\/veranstaltungen\/festivals-in-emmen\/","url":"https:\/\/ontdekemmen.nl\/de\/veranstaltungen\/festivals-in-emmen\/","name":"Festivals in Emmen - Ontdek Emmen","isPartOf":{"@id":"https:\/\/ontdekemmen.nl\/#website"},"primaryImageOfPage":{"@id":"https:\/\/ontdekemmen.nl\/de\/veranstaltungen\/festivals-in-emmen\/#primaryimage"},"image":{"@id":"https:\/\/ontdekemmen.nl\/de\/veranstaltungen\/festivals-in-emmen\/#primaryimage"},"thumbnailUrl":"https:\/\/ontdekemmen.nl\/wp-content\/uploads\/2025\/08\/Festivals-Emmen.jpg","datePublished":"2025-12-08T10:34:36+00:00","dateModified":"2026-04-13T07:53:10+00:00","description":"Entdecken Sie die sch\u00f6nsten Festivals in Emmen: von Musik und Foodtrucks bis hin zu Stra\u00dfentheater und Spa\u00df f\u00fcr Kinder. F\u00fcr jeden Geschmack ist etwas dabei, das ganze Jahr \u00fcber!","breadcrumb":{"@id":"https:\/\/ontdekemmen.nl\/de\/veranstaltungen\/festivals-in-emmen\/#breadcrumb"},"inLanguage":"de","potentialAction":[{"@type":"ReadAction","target":["https:\/\/ontdekemmen.nl\/de\/veranstaltungen\/festivals-in-emmen\/"]}]},{"@type":"ImageObject","inLanguage":"de","@id":"https:\/\/ontdekemmen.nl\/de\/veranstaltungen\/festivals-in-emmen\/#primaryimage","url":"https:\/\/ontdekemmen.nl\/wp-content\/uploads\/2025\/08\/Festivals-Emmen.jpg","contentUrl":"https:\/\/ontdekemmen.nl\/wp-content\/uploads\/2025\/08\/Festivals-Emmen.jpg","width":2048,"height":1365,"caption":"Djuulerd Media"},{"@type":"BreadcrumbList","@id":"https:\/\/ontdekemmen.nl\/de\/veranstaltungen\/festivals-in-emmen\/#breadcrumb","itemListElement":[{"@type":"ListItem","position":1,"name":"Home","item":"https:\/\/ontdekemmen.nl\/de\/"},{"@type":"ListItem","position":2,"name":"Evenementen","item":"https:\/\/ontdekemmen.nl\/evenementen\/"},{"@type":"ListItem","position":3,"name":"Festivals in Emmen"}]},{"@type":"WebSite","@id":"https:\/\/ontdekemmen.nl\/#website","url":"https:\/\/ontdekemmen.nl\/","name":"Ontdek Emmen","description":"","potentialAction":[{"@type":"SearchAction","target":{"@type":"EntryPoint","urlTemplate":"https:\/\/ontdekemmen.nl\/?s={search_term_string}"},"query-input":{"@type":"PropertyValueSpecification","valueRequired":true,"valueName":"search_term_string"}}],"inLanguage":"de"}]}},"_links":{"self":[{"href":"https:\/\/ontdekemmen.nl\/de\/wp-json\/wp\/v2\/evenementen\/4420","targetHints":{"allow":["GET"]}}],"collection":[{"href":"https:\/\/ontdekemmen.nl\/de\/wp-json\/wp\/v2\/evenementen"}],"about":[{"href":"https:\/\/ontdekemmen.nl\/de\/wp-json\/wp\/v2\/types\/evenementen"}],"wp:featuredmedia":[{"embeddable":true,"href":"https:\/\/ontdekemmen.nl\/de\/wp-json\/wp\/v2\/media\/2059"}],"wp:attachment":[{"href":"https:\/\/ontdekemmen.nl\/de\/wp-json\/wp\/v2\/media?parent=4420"}],"curies":[{"name":"wp","href":"https:\/\/api.w.org\/{rel}","templated":true}]}}